{"id":16,"date":"2021-01-22T10:57:15","date_gmt":"2021-01-22T09:57:15","guid":{"rendered":"https:\/\/citizenarenas.eu\/?page_id=16"},"modified":"2022-09-16T15:36:33","modified_gmt":"2022-09-16T13:36:33","slug":"news","status":"publish","type":"page","link":"http:\/\/citizenarenas.eu\/fr\/news\/","title":{"rendered":"Actualit\u00e9s"},"content":{"rendered":"<div class=\"fusion-fullwidth fullwidth-box fusion-builder-row-1 fusion-flex-container nonhundred-percent-fullwidth non-hundred-percent-height-scrolling\" style=\"--awb-border-radius-top-left:0px;--awb-border-radius-top-right:0px;--awb-border-radius-bottom-right:0px;--awb-border-radius-bottom-left:0px;--awb-padding-top:30px;--awb-padding-bottom:90px;--awb-padding-top-small:0px;--awb-padding-bottom-small:30px;--awb-flex-wrap:wrap;\" ><div class=\"fusion-builder-row fusion-row fusion-flex-align-items-flex-start fusion-flex-justify-content-center fusion-flex-content-wrap\" style=\"max-width:1248px;margin-left: calc(-4% \/ 2 );margin-right: calc(-4% \/ 2 );\"><div class=\"fusion-layout-column fusion_builder_column fusion-builder-column-0 fusion_builder_column_4_5 4_5 fusion-flex-column fusion-animated\" style=\"--awb-bg-size:cover;--awb-width-large:80%;--awb-margin-top-large:0px;--awb-spacing-right-large:2.4%;--awb-margin-bottom-large:10px;--awb-spacing-left-large:2.4%;--awb-width-medium:80%;--awb-order-medium:0;--awb-spacing-right-medium:2.4%;--awb-spacing-left-medium:2.4%;--awb-width-small:100%;--awb-order-small:0;--awb-spacing-right-small:1.92%;--awb-margin-bottom-small:0px;--awb-spacing-left-small:1.92%;\" data-animationtype=\"fadeIn\" data-animationduration=\"1.0\" data-animationoffset=\"top-into-view\"><div class=\"fusion-column-wrapper fusion-column-has-shadow fusion-flex-justify-content-flex-start fusion-content-layout-column\"><div class=\"fusion-text fusion-text-1 fusion-text-no-margin\" style=\"--awb-content-alignment:center;--awb-font-size:var(--awb-typography2-font-size);--awb-line-height:var(--awb-typography2-line-height);--awb-letter-spacing:var(--awb-typography2-letter-spacing);--awb-text-transform:var(--awb-typography2-text-transform);--awb-margin-bottom:10px;--awb-text-font-family:var(--awb-typography2-font-family);--awb-text-font-weight:var(--awb-typography2-font-weight);--awb-text-font-style:var(--awb-typography2-font-style);\"><p>les derni\u00e8res nouvelles du projet<\/p>\n<\/div><div class=\"fusion-title title fusion-title-1 fusion-sep-none fusion-title-center fusion-title-text fusion-title-size-two\" style=\"--awb-margin-bottom:30px;--awb-margin-bottom-small:30px;\"><h2 class=\"fusion-title-heading title-heading-center\" style=\"margin:0;letter-spacing:-1px;\">courtes lectures &amp; mises \u00e0 jour<\/h2><\/div><\/div><\/div><div class=\"fusion-layout-column fusion_builder_column fusion-builder-column-1 fusion_builder_column_1_1 1_1 fusion-flex-column\" style=\"--awb-bg-size:cover;--awb-width-large:100%;--awb-margin-top-large:70px;--awb-spacing-right-large:1.92%;--awb-margin-bottom-large:20px;--awb-spacing-left-large:1.92%;--awb-width-medium:100%;--awb-order-medium:0;--awb-spacing-right-medium:1.92%;--awb-spacing-left-medium:1.92%;--awb-width-small:100%;--awb-order-small:0;--awb-spacing-right-small:1.92%;--awb-spacing-left-small:1.92%;\"><div class=\"fusion-column-wrapper fusion-column-has-shadow fusion-flex-justify-content-flex-start fusion-content-layout-column\"><div class=\"fusion-post-cards fusion-post-cards-1 fusion-delayed-animation fusion-grid-archive fusion-grid-columns-3\" style=\"--awb-column-spacing:40px;--awb-columns:3;--awb-active-filter-border-size:3px;--awb-filters-height:36px;\" data-animationtype=\"fadeInDown\" data-animationduration=\"1.0\" data-animationoffset=\"top-into-view\" data-animation-delay=\"0.6\"><ul class=\"fusion-grid fusion-grid-3 fusion-flex-align-items-stretch fusion-grid-posts-cards\"><li class=\"fusion-layout-column fusion_builder_column fusion-builder-column-2 fusion-flex-column post-card fusion-grid-column fusion-post-cards-grid-column fusion-animated\" style=\"--awb-padding-top:35px;--awb-padding-right:35px;--awb-padding-bottom:35px;--awb-padding-left:35px;--awb-bg-color:var(--awb-color1);--awb-bg-color-hover:var(--awb-color1);--awb-bg-size:cover;--awb-border-color:hsla(var(--awb-color8-h),var(--awb-color8-s),calc( var(--awb-color8-l) + 90% ),var(--awb-color8-a));--awb-border-top:1px;--awb-border-right:1px;--awb-border-bottom:1px;--awb-border-left:1px;--awb-border-style:solid;\"><div class=\"fusion-column-wrapper fusion-flex-justify-content-flex-start fusion-content-layout-column\"><div class=\"fusion-classic-product-image-wrapper fusion-woo-product-image fusion-post-card-image fusion-post-card-image-1\" data-layout=\"static\" style=\"--awb-margin-bottom:20px;\"><div  class=\"fusion-image-wrapper\" aria-haspopup=\"true\">\n\t\t\t\t\t\t\t<a href=\"http:\/\/citizenarenas.eu\/fr\/researcher-of-the-care-project-participates-in-a-portuguese-tv-magazine\/\" aria-label=\"Un chercheur du projet CARE participe \u00e0 un magazine t\u00e9l\u00e9vis\u00e9 portugais\">\n\t\t\t\t\t\t\t<img decoding=\"async\" width=\"625\" height=\"355\" src=\"http:\/\/citizenarenas.eu\/wp-content\/uploads\/2023\/09\/UAU.png\" class=\"attachment-full size-full wp-post-image\" alt=\"\" srcset=\"http:\/\/citizenarenas.eu\/wp-content\/uploads\/2023\/09\/UAU-200x114.png 200w, http:\/\/citizenarenas.eu\/wp-content\/uploads\/2023\/09\/UAU-400x227.png 400w, http:\/\/citizenarenas.eu\/wp-content\/uploads\/2023\/09\/UAU-600x341.png 600w, http:\/\/citizenarenas.eu\/wp-content\/uploads\/2023\/09\/UAU.png 625w\" sizes=\"(min-width: 2200px) 100vw, (min-width: 784px) 373px, (min-width: 712px) 560px, (min-width: 640px) 712px, \" \/>\t\t\t<\/a>\n\t\t\t\t\t\t\t<\/div>\n<\/div><div class=\"fusion-title title fusion-title-2 fusion-sep-none fusion-title-center fusion-title-text fusion-title-size-two\" style=\"--awb-font-size:20px;\"><h2 class=\"fusion-title-heading title-heading-center\" style=\"margin:0;font-size:1em;\"><a href=\"http:\/\/citizenarenas.eu\/fr\/researcher-of-the-care-project-participates-in-a-portuguese-tv-magazine\/\" class=\"awb-custom-text-color awb-custom-text-hover-color\" target=\"_self\">Un chercheur du projet CARE participe \u00e0 un magazine t\u00e9l\u00e9vis\u00e9 portugais<\/a><\/h2><\/div><div class=\"fusion-meta-tb fusion-meta-tb-1 floated\" style=\"--awb-border-bottom:0px;--awb-border-top:0px;--awb-height:0px;--awb-margin-bottom:20px;--awb-alignment:center;--awb-alignment-medium:flex-start;--awb-alignment-small:flex-start;\"><span class=\"fusion-tb-published-word-count\">694 mots<\/span><span class=\"fusion-meta-tb-sep\"><\/span><span class=\"fusion-tb-published-date\">Publi\u00e9 le : 5 septembre 2023<\/span><span class=\"fusion-meta-tb-sep\"><\/span><\/div><div class=\"fusion-separator\" style=\"align-self: center;margin-left: auto;margin-right: auto;margin-bottom:30px;width:100%;max-width:70px;\"><div class=\"fusion-separator-border sep-single sep-solid\" style=\"--awb-height:20px;--awb-amount:20px;--awb-sep-color:var(--awb-color4);border-color:var(--awb-color4);border-top-width:3px;\"><\/div><\/div><div class=\"fusion-text fusion-text-2 fusion-text-no-margin\" style=\"--awb-content-alignment:center;--awb-margin-bottom:20px;\"><p>Un chercheur du projet CARE participe \u00e0 une \u00e9mission de t\u00e9l\u00e9vision portugaise [...]<\/p>\n<\/div><div class=\"fusion-separator fusion-full-width-sep\" style=\"align-self: center;margin-left: auto;margin-right: auto;flex-grow:1;width:100%;\"><\/div><div style=\"text-align:center;\"><a class=\"fusion-button button-flat fusion-button-default-size button-default fusion-button-default button-1 fusion-button-default-span fusion-button-default-type\" style=\"--button_margin-top:10px;\" target=\"_self\" href=\"http:\/\/citizenarenas.eu\/fr\/researcher-of-the-care-project-participates-in-a-portuguese-tv-magazine\/\"><span class=\"fusion-button-text\">Lire la suite<\/span><\/a><\/div><\/div><\/li>\n<li class=\"fusion-layout-column fusion_builder_column fusion-builder-column-3 fusion-flex-column post-card fusion-grid-column fusion-post-cards-grid-column fusion-animated\" style=\"--awb-padding-top:35px;--awb-padding-right:35px;--awb-padding-bottom:35px;--awb-padding-left:35px;--awb-bg-color:var(--awb-color1);--awb-bg-color-hover:var(--awb-color1);--awb-bg-size:cover;--awb-border-color:hsla(var(--awb-color8-h),var(--awb-color8-s),calc( var(--awb-color8-l) + 90% ),var(--awb-color8-a));--awb-border-top:1px;--awb-border-right:1px;--awb-border-bottom:1px;--awb-border-left:1px;--awb-border-style:solid;\"><div class=\"fusion-column-wrapper fusion-flex-justify-content-flex-start fusion-content-layout-column\"><div class=\"fusion-classic-product-image-wrapper fusion-woo-product-image fusion-post-card-image fusion-post-card-image-1\" data-layout=\"static\" style=\"--awb-margin-bottom:20px;\"><div  class=\"fusion-image-wrapper\" aria-haspopup=\"true\">\n\t\t\t\t\t\t\t<a href=\"http:\/\/citizenarenas.eu\/fr\/first-citizens-arenas-on-community-composting\/\" aria-label=\"First Citizens Arenas sur le compostage communautaire\">\n\t\t\t\t\t\t\t<img decoding=\"async\" width=\"904\" height=\"678\" src=\"http:\/\/citizenarenas.eu\/wp-content\/uploads\/2023\/07\/1.jpg\" class=\"attachment-full size-full wp-post-image\" alt=\"\" srcset=\"http:\/\/citizenarenas.eu\/wp-content\/uploads\/2023\/07\/1-200x150.jpg 200w, http:\/\/citizenarenas.eu\/wp-content\/uploads\/2023\/07\/1-400x300.jpg 400w, http:\/\/citizenarenas.eu\/wp-content\/uploads\/2023\/07\/1-600x450.jpg 600w, http:\/\/citizenarenas.eu\/wp-content\/uploads\/2023\/07\/1-800x600.jpg 800w, http:\/\/citizenarenas.eu\/wp-content\/uploads\/2023\/07\/1.jpg 904w\" sizes=\"(min-width: 2200px) 100vw, (min-width: 784px) 373px, (min-width: 712px) 560px, (min-width: 640px) 712px, \" \/>\t\t\t<\/a>\n\t\t\t\t\t\t\t<\/div>\n<\/div><div class=\"fusion-title title fusion-title-3 fusion-sep-none fusion-title-center fusion-title-text fusion-title-size-two\" style=\"--awb-font-size:20px;\"><h2 class=\"fusion-title-heading title-heading-center\" style=\"margin:0;font-size:1em;\"><a href=\"http:\/\/citizenarenas.eu\/fr\/first-citizens-arenas-on-community-composting\/\" class=\"awb-custom-text-color awb-custom-text-hover-color\" target=\"_self\">First Citizens Arenas sur le compostage communautaire<\/a><\/h2><\/div><div class=\"fusion-meta-tb fusion-meta-tb-2 floated\" style=\"--awb-border-bottom:0px;--awb-border-top:0px;--awb-height:0px;--awb-margin-bottom:20px;--awb-alignment:center;--awb-alignment-medium:flex-start;--awb-alignment-small:flex-start;\"><span class=\"fusion-tb-published-word-count\">146 mots<\/span><span class=\"fusion-meta-tb-sep\"><\/span><span class=\"fusion-tb-published-date\">Publi\u00e9 le : 28 juillet 2023<\/span><span class=\"fusion-meta-tb-sep\"><\/span><\/div><div class=\"fusion-separator\" style=\"align-self: center;margin-left: auto;margin-right: auto;margin-bottom:30px;width:100%;max-width:70px;\"><div class=\"fusion-separator-border sep-single sep-solid\" style=\"--awb-height:20px;--awb-amount:20px;--awb-sep-color:var(--awb-color4);border-color:var(--awb-color4);border-top-width:3px;\"><\/div><\/div><div class=\"fusion-text fusion-text-3 fusion-text-no-margin\" style=\"--awb-content-alignment:center;--awb-margin-bottom:20px;\"><p>Les premiers Ar\u00e8nes des Citoyens sur le compostage communautaire du WP3 ont eu lieu [...]<\/p>\n<\/div><div class=\"fusion-separator fusion-full-width-sep\" style=\"align-self: center;margin-left: auto;margin-right: auto;flex-grow:1;width:100%;\"><\/div><div style=\"text-align:center;\"><a class=\"fusion-button button-flat fusion-button-default-size button-default fusion-button-default button-2 fusion-button-default-span fusion-button-default-type\" style=\"--button_margin-top:10px;\" target=\"_self\" href=\"http:\/\/citizenarenas.eu\/fr\/first-citizens-arenas-on-community-composting\/\"><span class=\"fusion-button-text\">Lire la suite<\/span><\/a><\/div><\/div><\/li>\n<li class=\"fusion-layout-column fusion_builder_column fusion-builder-column-4 fusion-flex-column post-card fusion-grid-column fusion-post-cards-grid-column fusion-animated\" style=\"--awb-padding-top:35px;--awb-padding-right:35px;--awb-padding-bottom:35px;--awb-padding-left:35px;--awb-bg-color:var(--awb-color1);--awb-bg-color-hover:var(--awb-color1);--awb-bg-size:cover;--awb-border-color:hsla(var(--awb-color8-h),var(--awb-color8-s),calc( var(--awb-color8-l) + 90% ),var(--awb-color8-a));--awb-border-top:1px;--awb-border-right:1px;--awb-border-bottom:1px;--awb-border-left:1px;--awb-border-style:solid;\"><div class=\"fusion-column-wrapper fusion-flex-justify-content-flex-start fusion-content-layout-column\"><div class=\"fusion-classic-product-image-wrapper fusion-woo-product-image fusion-post-card-image fusion-post-card-image-1\" data-layout=\"static\" style=\"--awb-margin-bottom:20px;\"><div  class=\"fusion-image-wrapper\" aria-haspopup=\"true\">\n\t\t\t\t\t\t\t<a href=\"http:\/\/citizenarenas.eu\/fr\/an-app-for-citizen-science-is-developed-in-linkoping\/\" aria-label=\"Une application pour la science citoyenne est d\u00e9velopp\u00e9e \u00e0 Link\u00f6ping\">\n\t\t\t\t\t\t\t<img decoding=\"async\" width=\"928\" height=\"482\" src=\"http:\/\/citizenarenas.eu\/wp-content\/uploads\/2023\/07\/1.png\" class=\"attachment-full size-full wp-post-image\" alt=\"\" srcset=\"http:\/\/citizenarenas.eu\/wp-content\/uploads\/2023\/07\/1-200x104.png 200w, http:\/\/citizenarenas.eu\/wp-content\/uploads\/2023\/07\/1-400x208.png 400w, http:\/\/citizenarenas.eu\/wp-content\/uploads\/2023\/07\/1-600x312.png 600w, http:\/\/citizenarenas.eu\/wp-content\/uploads\/2023\/07\/1-800x416.png 800w, http:\/\/citizenarenas.eu\/wp-content\/uploads\/2023\/07\/1.png 928w\" sizes=\"(min-width: 2200px) 100vw, (min-width: 784px) 373px, (min-width: 712px) 560px, (min-width: 640px) 712px, \" \/>\t\t\t<\/a>\n\t\t\t\t\t\t\t<\/div>\n<\/div><div class=\"fusion-title title fusion-title-4 fusion-sep-none fusion-title-center fusion-title-text fusion-title-size-two\" style=\"--awb-font-size:20px;\"><h2 class=\"fusion-title-heading title-heading-center\" style=\"margin:0;font-size:1em;\"><a href=\"http:\/\/citizenarenas.eu\/fr\/an-app-for-citizen-science-is-developed-in-linkoping\/\" class=\"awb-custom-text-color awb-custom-text-hover-color\" target=\"_self\">Une application pour la science citoyenne est d\u00e9velopp\u00e9e \u00e0 Link\u00f6ping<\/a><\/h2><\/div><div class=\"fusion-meta-tb fusion-meta-tb-3 floated\" style=\"--awb-border-bottom:0px;--awb-border-top:0px;--awb-height:0px;--awb-margin-bottom:20px;--awb-alignment:center;--awb-alignment-medium:flex-start;--awb-alignment-small:flex-start;\"><span class=\"fusion-tb-published-word-count\">139 mots<\/span><span class=\"fusion-meta-tb-sep\"><\/span><span class=\"fusion-tb-published-date\">Publi\u00e9 le : 27 juillet 2023<\/span><span class=\"fusion-meta-tb-sep\"><\/span><\/div><div class=\"fusion-separator\" style=\"align-self: center;margin-left: auto;margin-right: auto;margin-bottom:30px;width:100%;max-width:70px;\"><div class=\"fusion-separator-border sep-single sep-solid\" style=\"--awb-height:20px;--awb-amount:20px;--awb-sep-color:var(--awb-color4);border-color:var(--awb-color4);border-top-width:3px;\"><\/div><\/div><div class=\"fusion-text fusion-text-4 fusion-text-no-margin\" style=\"--awb-content-alignment:center;--awb-margin-bottom:20px;\"><p>Link\u00f6ping a d\u00e9velopp\u00e9 deux applications pilotes qui peuvent \u00eatre utilis\u00e9es [...]<\/p>\n<\/div><div class=\"fusion-separator fusion-full-width-sep\" style=\"align-self: center;margin-left: auto;margin-right: auto;flex-grow:1;width:100%;\"><\/div><div style=\"text-align:center;\"><a class=\"fusion-button button-flat fusion-button-default-size button-default fusion-button-default button-3 fusion-button-default-span fusion-button-default-type\" style=\"--button_margin-top:10px;\" target=\"_self\" href=\"http:\/\/citizenarenas.eu\/fr\/an-app-for-citizen-science-is-developed-in-linkoping\/\"><span class=\"fusion-button-text\">Lire la suite<\/span><\/a><\/div><\/div><\/li>\n<li class=\"fusion-layout-column fusion_builder_column fusion-builder-column-5 fusion-flex-column post-card fusion-grid-column fusion-post-cards-grid-column fusion-animated\" style=\"--awb-padding-top:35px;--awb-padding-right:35px;--awb-padding-bottom:35px;--awb-padding-left:35px;--awb-bg-color:var(--awb-color1);--awb-bg-color-hover:var(--awb-color1);--awb-bg-size:cover;--awb-border-color:hsla(var(--awb-color8-h),var(--awb-color8-s),calc( var(--awb-color8-l) + 90% ),var(--awb-color8-a));--awb-border-top:1px;--awb-border-right:1px;--awb-border-bottom:1px;--awb-border-left:1px;--awb-border-style:solid;\"><div class=\"fusion-column-wrapper fusion-flex-justify-content-flex-start fusion-content-layout-column\"><div class=\"fusion-classic-product-image-wrapper fusion-woo-product-image fusion-post-card-image fusion-post-card-image-1\" data-layout=\"static\" style=\"--awb-margin-bottom:20px;\"><div  class=\"fusion-image-wrapper\" aria-haspopup=\"true\">\n\t\t\t\t\t\t\t<a href=\"http:\/\/citizenarenas.eu\/fr\/eciu-pan-european-citizens-arenas-waterblitz-kicks-off\/\" aria-label=\"Coup d&#039;envoi de la campagne paneurop\u00e9enne WaterBlitz de l&#039;ECIU pour les ar\u00e8nes citoyennes\">\n\t\t\t\t\t\t\t<img decoding=\"async\" width=\"1237\" height=\"497\" src=\"http:\/\/citizenarenas.eu\/wp-content\/uploads\/2023\/05\/blitzpicxxxxx.png\" class=\"attachment-full size-full wp-post-image\" alt=\"\" srcset=\"http:\/\/citizenarenas.eu\/wp-content\/uploads\/2023\/05\/blitzpicxxxxx-200x80.png 200w, http:\/\/citizenarenas.eu\/wp-content\/uploads\/2023\/05\/blitzpicxxxxx-400x161.png 400w, http:\/\/citizenarenas.eu\/wp-content\/uploads\/2023\/05\/blitzpicxxxxx-600x241.png 600w, http:\/\/citizenarenas.eu\/wp-content\/uploads\/2023\/05\/blitzpicxxxxx-800x321.png 800w, http:\/\/citizenarenas.eu\/wp-content\/uploads\/2023\/05\/blitzpicxxxxx-1200x482.png 1200w, http:\/\/citizenarenas.eu\/wp-content\/uploads\/2023\/05\/blitzpicxxxxx.png 1237w\" sizes=\"(min-width: 2200px) 100vw, (min-width: 784px) 373px, (min-width: 712px) 560px, (min-width: 640px) 712px, \" \/>\t\t\t<\/a>\n\t\t\t\t\t\t\t<\/div>\n<\/div><div class=\"fusion-title title fusion-title-5 fusion-sep-none fusion-title-center fusion-title-text fusion-title-size-two\" style=\"--awb-font-size:20px;\"><h2 class=\"fusion-title-heading title-heading-center\" style=\"margin:0;font-size:1em;\"><a href=\"http:\/\/citizenarenas.eu\/fr\/eciu-pan-european-citizens-arenas-waterblitz-kicks-off\/\" class=\"awb-custom-text-color awb-custom-text-hover-color\" target=\"_self\">Coup d'envoi de la campagne paneurop\u00e9enne WaterBlitz de l'ECIU pour les ar\u00e8nes citoyennes<\/a><\/h2><\/div><div class=\"fusion-meta-tb fusion-meta-tb-4 floated\" style=\"--awb-border-bottom:0px;--awb-border-top:0px;--awb-height:0px;--awb-margin-bottom:20px;--awb-alignment:center;--awb-alignment-medium:flex-start;--awb-alignment-small:flex-start;\"><span class=\"fusion-tb-published-word-count\">267 mots<\/span><span class=\"fusion-meta-tb-sep\"><\/span><span class=\"fusion-tb-published-date\">Publi\u00e9 le : 2 mai 2023<\/span><span class=\"fusion-meta-tb-sep\"><\/span><\/div><div class=\"fusion-separator\" style=\"align-self: center;margin-left: auto;margin-right: auto;margin-bottom:30px;width:100%;max-width:70px;\"><div class=\"fusion-separator-border sep-single sep-solid\" style=\"--awb-height:20px;--awb-amount:20px;--awb-sep-color:var(--awb-color4);border-color:var(--awb-color4);border-top-width:3px;\"><\/div><\/div><div class=\"fusion-text fusion-text-5 fusion-text-no-margin\" style=\"--awb-content-alignment:center;--awb-margin-bottom:20px;\"><p>Dans le cadre de la semaine de la Journ\u00e9e mondiale de l'eau [...]<\/p>\n<\/div><div class=\"fusion-separator fusion-full-width-sep\" style=\"align-self: center;margin-left: auto;margin-right: auto;flex-grow:1;width:100%;\"><\/div><div style=\"text-align:center;\"><a class=\"fusion-button button-flat fusion-button-default-size button-default fusion-button-default button-4 fusion-button-default-span fusion-button-default-type\" style=\"--button_margin-top:10px;\" target=\"_self\" href=\"http:\/\/citizenarenas.eu\/fr\/eciu-pan-european-citizens-arenas-waterblitz-kicks-off\/\"><span class=\"fusion-button-text\">Lire la suite<\/span><\/a><\/div><\/div><\/li>\n<li class=\"fusion-layout-column fusion_builder_column fusion-builder-column-6 fusion-flex-column post-card fusion-grid-column fusion-post-cards-grid-column fusion-animated\" style=\"--awb-padding-top:35px;--awb-padding-right:35px;--awb-padding-bottom:35px;--awb-padding-left:35px;--awb-bg-color:var(--awb-color1);--awb-bg-color-hover:var(--awb-color1);--awb-bg-size:cover;--awb-border-color:hsla(var(--awb-color8-h),var(--awb-color8-s),calc( var(--awb-color8-l) + 90% ),var(--awb-color8-a));--awb-border-top:1px;--awb-border-right:1px;--awb-border-bottom:1px;--awb-border-left:1px;--awb-border-style:solid;\"><div class=\"fusion-column-wrapper fusion-flex-justify-content-flex-start fusion-content-layout-column\"><div class=\"fusion-classic-product-image-wrapper fusion-woo-product-image fusion-post-card-image fusion-post-card-image-1\" data-layout=\"static\" style=\"--awb-margin-bottom:20px;\"><div  class=\"fusion-image-wrapper\" aria-haspopup=\"true\">\n\t\t\t\t\t\t\t<a href=\"http:\/\/citizenarenas.eu\/fr\/university-of-aveiro-team-promotes-citizen-science-activities-with-schools-from-the-aveiro-region\/\" aria-label=\"L&#039;\u00e9quipe de l&#039;Universit\u00e9 d&#039;Aveiro promeut les activit\u00e9s de science citoyenne avec les \u00e9coles de la r\u00e9gion d&#039;Aveiro\">\n\t\t\t\t\t\t\t<img decoding=\"async\" width=\"1294\" height=\"774\" src=\"http:\/\/citizenarenas.eu\/wp-content\/uploads\/2023\/02\/2023-02-17-16.19.12.png\" class=\"attachment-full size-full wp-post-image\" alt=\"\" srcset=\"http:\/\/citizenarenas.eu\/wp-content\/uploads\/2023\/02\/2023-02-17-16.19.12-200x120.png 200w, http:\/\/citizenarenas.eu\/wp-content\/uploads\/2023\/02\/2023-02-17-16.19.12-400x239.png 400w, http:\/\/citizenarenas.eu\/wp-content\/uploads\/2023\/02\/2023-02-17-16.19.12-600x359.png 600w, http:\/\/citizenarenas.eu\/wp-content\/uploads\/2023\/02\/2023-02-17-16.19.12-800x479.png 800w, http:\/\/citizenarenas.eu\/wp-content\/uploads\/2023\/02\/2023-02-17-16.19.12-1200x718.png 1200w, http:\/\/citizenarenas.eu\/wp-content\/uploads\/2023\/02\/2023-02-17-16.19.12.png 1294w\" sizes=\"(min-width: 2200px) 100vw, (min-width: 784px) 373px, (min-width: 712px) 560px, (min-width: 640px) 712px, \" \/>\t\t\t<\/a>\n\t\t\t\t\t\t\t<\/div>\n<\/div><div class=\"fusion-title title fusion-title-6 fusion-sep-none fusion-title-center fusion-title-text fusion-title-size-two\" style=\"--awb-font-size:20px;\"><h2 class=\"fusion-title-heading title-heading-center\" style=\"margin:0;font-size:1em;\"><a href=\"http:\/\/citizenarenas.eu\/fr\/university-of-aveiro-team-promotes-citizen-science-activities-with-schools-from-the-aveiro-region\/\" class=\"awb-custom-text-color awb-custom-text-hover-color\" target=\"_self\">L'\u00e9quipe de l'Universit\u00e9 d'Aveiro promeut les activit\u00e9s de science citoyenne avec les \u00e9coles de la r\u00e9gion d'Aveiro<\/a><\/h2><\/div><div class=\"fusion-meta-tb fusion-meta-tb-5 floated\" style=\"--awb-border-bottom:0px;--awb-border-top:0px;--awb-height:0px;--awb-margin-bottom:20px;--awb-alignment:center;--awb-alignment-medium:flex-start;--awb-alignment-small:flex-start;\"><span class=\"fusion-tb-published-word-count\">400 mots<\/span><span class=\"fusion-meta-tb-sep\"><\/span><span class=\"fusion-tb-published-date\">Publi\u00e9 le : 17 f\u00e9vrier 2023<\/span><span class=\"fusion-meta-tb-sep\"><\/span><\/div><div class=\"fusion-separator\" style=\"align-self: center;margin-left: auto;margin-right: auto;margin-bottom:30px;width:100%;max-width:70px;\"><div class=\"fusion-separator-border sep-single sep-solid\" style=\"--awb-height:20px;--awb-amount:20px;--awb-sep-color:var(--awb-color4);border-color:var(--awb-color4);border-top-width:3px;\"><\/div><\/div><div class=\"fusion-text fusion-text-6 fusion-text-no-margin\" style=\"--awb-content-alignment:center;--awb-margin-bottom:20px;\"><p>Nous sommes heureux d'annoncer que certaines activit\u00e9s de la [...]<\/p>\n<\/div><div class=\"fusion-separator fusion-full-width-sep\" style=\"align-self: center;margin-left: auto;margin-right: auto;flex-grow:1;width:100%;\"><\/div><div style=\"text-align:center;\"><a class=\"fusion-button button-flat fusion-button-default-size button-default fusion-button-default button-5 fusion-button-default-span fusion-button-default-type\" style=\"--button_margin-top:10px;\" target=\"_self\" href=\"http:\/\/citizenarenas.eu\/fr\/university-of-aveiro-team-promotes-citizen-science-activities-with-schools-from-the-aveiro-region\/\"><span class=\"fusion-button-text\">Lire la suite<\/span><\/a><\/div><\/div><\/li>\n<li class=\"fusion-layout-column fusion_builder_column fusion-builder-column-7 fusion-flex-column post-card fusion-grid-column fusion-post-cards-grid-column fusion-animated\" style=\"--awb-padding-top:35px;--awb-padding-right:35px;--awb-padding-bottom:35px;--awb-padding-left:35px;--awb-bg-color:var(--awb-color1);--awb-bg-color-hover:var(--awb-color1);--awb-bg-size:cover;--awb-border-color:hsla(var(--awb-color8-h),var(--awb-color8-s),calc( var(--awb-color8-l) + 90% ),var(--awb-color8-a));--awb-border-top:1px;--awb-border-right:1px;--awb-border-bottom:1px;--awb-border-left:1px;--awb-border-style:solid;\"><div class=\"fusion-column-wrapper fusion-flex-justify-content-flex-start fusion-content-layout-column\"><div class=\"fusion-classic-product-image-wrapper fusion-woo-product-image fusion-post-card-image fusion-post-card-image-1\" data-layout=\"static\" style=\"--awb-margin-bottom:20px;\"><div  class=\"fusion-image-wrapper\" aria-haspopup=\"true\">\n\t\t\t\t\t\t\t<a href=\"http:\/\/citizenarenas.eu\/fr\/pilots-on-resource-use-have-started\/\" aria-label=\"Les pilotes sur l&#039;utilisation des ressources ont commenc\u00e9 !\">\n\t\t\t\t\t\t\t<img decoding=\"async\" width=\"850\" height=\"638\" src=\"http:\/\/citizenarenas.eu\/wp-content\/uploads\/2023\/01\/Sans-titre.jpg\" class=\"attachment-full size-full wp-post-image\" alt=\"\" srcset=\"http:\/\/citizenarenas.eu\/wp-content\/uploads\/2023\/01\/Sans-titre-200x150.jpg 200w, http:\/\/citizenarenas.eu\/wp-content\/uploads\/2023\/01\/Sans-titre-400x300.jpg 400w, http:\/\/citizenarenas.eu\/wp-content\/uploads\/2023\/01\/Sans-titre-600x450.jpg 600w, http:\/\/citizenarenas.eu\/wp-content\/uploads\/2023\/01\/Sans-titre-800x600.jpg 800w, http:\/\/citizenarenas.eu\/wp-content\/uploads\/2023\/01\/Sans-titre.jpg 850w\" sizes=\"(min-width: 2200px) 100vw, (min-width: 784px) 373px, (min-width: 712px) 560px, (min-width: 640px) 712px, \" \/>\t\t\t<\/a>\n\t\t\t\t\t\t\t<\/div>\n<\/div><div class=\"fusion-title title fusion-title-7 fusion-sep-none fusion-title-center fusion-title-text fusion-title-size-two\" style=\"--awb-font-size:20px;\"><h2 class=\"fusion-title-heading title-heading-center\" style=\"margin:0;font-size:1em;\"><a href=\"http:\/\/citizenarenas.eu\/fr\/pilots-on-resource-use-have-started\/\" class=\"awb-custom-text-color awb-custom-text-hover-color\" target=\"_self\">Les pilotes sur l'utilisation des ressources ont commenc\u00e9 !<\/a><\/h2><\/div><div class=\"fusion-meta-tb fusion-meta-tb-6 floated\" style=\"--awb-border-bottom:0px;--awb-border-top:0px;--awb-height:0px;--awb-margin-bottom:20px;--awb-alignment:center;--awb-alignment-medium:flex-start;--awb-alignment-small:flex-start;\"><span class=\"fusion-tb-published-word-count\">315 mots<\/span><span class=\"fusion-meta-tb-sep\"><\/span><span class=\"fusion-tb-published-date\">Publi\u00e9 le : 11 janvier 2023<\/span><span class=\"fusion-meta-tb-sep\"><\/span><\/div><div class=\"fusion-separator\" style=\"align-self: center;margin-left: auto;margin-right: auto;margin-bottom:30px;width:100%;max-width:70px;\"><div class=\"fusion-separator-border sep-single sep-solid\" style=\"--awb-height:20px;--awb-amount:20px;--awb-sep-color:var(--awb-color4);border-color:var(--awb-color4);border-top-width:3px;\"><\/div><\/div><div class=\"fusion-text fusion-text-7 fusion-text-no-margin\" style=\"--awb-content-alignment:center;--awb-margin-bottom:20px;\"><p>Alors que le programme SMART-ER de l'ECIU continue de se d\u00e9velopper, ce mois-ci, nous [...]<\/p>\n<\/div><div class=\"fusion-separator fusion-full-width-sep\" style=\"align-self: center;margin-left: auto;margin-right: auto;flex-grow:1;width:100%;\"><\/div><div style=\"text-align:center;\"><a class=\"fusion-button button-flat fusion-button-default-size button-default fusion-button-default button-6 fusion-button-default-span fusion-button-default-type\" style=\"--button_margin-top:10px;\" target=\"_self\" href=\"http:\/\/citizenarenas.eu\/fr\/pilots-on-resource-use-have-started\/\"><span class=\"fusion-button-text\">Lire la suite<\/span><\/a><\/div><\/div><\/li>\n<\/ul><\/div><\/div><\/div><\/div><\/div>","protected":false},"excerpt":{"rendered":"","protected":false},"author":2,"featured_media":0,"parent":0,"menu_order":0,"comment_status":"closed","ping_status":"closed","template":"100-width.php","meta":{"footnotes":""},"class_list":["post-16","page","type-page","status-publish","hentry"],"yoast_head":"<!-- This site is optimized with the Yoast SEO plugin v21.7 - https:\/\/yoast.com\/wordpress\/plugins\/seo\/ -->\n<title>News - Citizen Arenas for Improved Resource Management &amp; Environmental Quality<\/title>\n<meta name=\"robots\" content=\"index, follow, max-snippet:-1, max-image-preview:large, max-video-preview:-1\" \/>\n<link rel=\"canonical\" href=\"http:\/\/citizenarenas.eu\/fr\/news\/\" \/>\n<meta property=\"og:locale\" content=\"fr_FR\" \/>\n<meta property=\"og:type\" content=\"article\" \/>\n<meta property=\"og:title\" content=\"News - Citizen Arenas for Improved Resource Management &amp; Environmental Quality\" \/>\n<meta property=\"og:url\" content=\"http:\/\/citizenarenas.eu\/fr\/news\/\" \/>\n<meta property=\"og:site_name\" content=\"Citizen Arenas for Improved Resource Management &amp; Environmental Quality\" \/>\n<meta property=\"article:modified_time\" content=\"2022-09-16T13:36:33+00:00\" \/>\n<meta name=\"twitter:card\" content=\"summary_large_image\" \/>\n<meta name=\"twitter:label1\" content=\"Dur\u00e9e de lecture estim\u00e9e\" \/>\n\t<meta name=\"twitter:data1\" content=\"3 minutes\" \/>\n<script type=\"application\/ld+json\" class=\"yoast-schema-graph\">{\"@context\":\"https:\/\/schema.org\",\"@graph\":[{\"@type\":\"WebPage\",\"@id\":\"https:\/\/citizenarenas.eu\/en\/news\/\",\"url\":\"https:\/\/citizenarenas.eu\/en\/news\/\",\"name\":\"News - Citizen Arenas for Improved Resource Management &amp; Environmental Quality\",\"isPartOf\":{\"@id\":\"http:\/\/citizenarenas.eu\/sv\/#website\"},\"datePublished\":\"2021-01-22T09:57:15+00:00\",\"dateModified\":\"2022-09-16T13:36:33+00:00\",\"breadcrumb\":{\"@id\":\"https:\/\/citizenarenas.eu\/en\/news\/#breadcrumb\"},\"inLanguage\":\"fr-FR\",\"potentialAction\":[{\"@type\":\"ReadAction\",\"target\":[\"https:\/\/citizenarenas.eu\/en\/news\/\"]}]},{\"@type\":\"BreadcrumbList\",\"@id\":\"https:\/\/citizenarenas.eu\/en\/news\/#breadcrumb\",\"itemListElement\":[{\"@type\":\"ListItem\",\"position\":1,\"name\":\"Accueil\",\"item\":\"http:\/\/citizenarenas.eu\/sv\/\"},{\"@type\":\"ListItem\",\"position\":2,\"name\":\"News\"}]},{\"@type\":\"WebSite\",\"@id\":\"http:\/\/citizenarenas.eu\/sv\/#website\",\"url\":\"http:\/\/citizenarenas.eu\/sv\/\",\"name\":\"Citizen Arenas for Improved Resource Management &amp; Environmental Quality\",\"description\":\"\",\"potentialAction\":[{\"@type\":\"SearchAction\",\"target\":{\"@type\":\"EntryPoint\",\"urlTemplate\":\"http:\/\/citizenarenas.eu\/sv\/?s={search_term_string}\"},\"query-input\":\"required name=search_term_string\"}],\"inLanguage\":\"fr-FR\"}]}<\/script>\n<!-- \/ Yoast SEO plugin. -->","yoast_head_json":{"title":"News - Citizen Arenas for Improved Resource Management &amp; Environmental Quality","robots":{"index":"index","follow":"follow","max-snippet":"max-snippet:-1","max-image-preview":"max-image-preview:large","max-video-preview":"max-video-preview:-1"},"canonical":"http:\/\/citizenarenas.eu\/fr\/news\/","og_locale":"fr_FR","og_type":"article","og_title":"News - Citizen Arenas for Improved Resource Management &amp; Environmental Quality","og_url":"http:\/\/citizenarenas.eu\/fr\/news\/","og_site_name":"Citizen Arenas for Improved Resource Management &amp; Environmental Quality","article_modified_time":"2022-09-16T13:36:33+00:00","twitter_card":"summary_large_image","twitter_misc":{"Dur\u00e9e de lecture estim\u00e9e":"3 minutes"},"schema":{"@context":"https:\/\/schema.org","@graph":[{"@type":"WebPage","@id":"https:\/\/citizenarenas.eu\/en\/news\/","url":"https:\/\/citizenarenas.eu\/en\/news\/","name":"News - Citizen Arenas for Improved Resource Management &amp; Environmental Quality","isPartOf":{"@id":"http:\/\/citizenarenas.eu\/sv\/#website"},"datePublished":"2021-01-22T09:57:15+00:00","dateModified":"2022-09-16T13:36:33+00:00","breadcrumb":{"@id":"https:\/\/citizenarenas.eu\/en\/news\/#breadcrumb"},"inLanguage":"fr-FR","potentialAction":[{"@type":"ReadAction","target":["https:\/\/citizenarenas.eu\/en\/news\/"]}]},{"@type":"BreadcrumbList","@id":"https:\/\/citizenarenas.eu\/en\/news\/#breadcrumb","itemListElement":[{"@type":"ListItem","position":1,"name":"Accueil","item":"http:\/\/citizenarenas.eu\/sv\/"},{"@type":"ListItem","position":2,"name":"News"}]},{"@type":"WebSite","@id":"http:\/\/citizenarenas.eu\/sv\/#website","url":"http:\/\/citizenarenas.eu\/sv\/","name":"Citizen Arenas for Improved Resource Management &amp; Environmental Quality","description":"","potentialAction":[{"@type":"SearchAction","target":{"@type":"EntryPoint","urlTemplate":"http:\/\/citizenarenas.eu\/sv\/?s={search_term_string}"},"query-input":"required name=search_term_string"}],"inLanguage":"fr-FR"}]}},"_links":{"self":[{"href":"http:\/\/citizenarenas.eu\/fr\/wp-json\/wp\/v2\/pages\/16","targetHints":{"allow":["GET"]}}],"collection":[{"href":"http:\/\/citizenarenas.eu\/fr\/wp-json\/wp\/v2\/pages"}],"about":[{"href":"http:\/\/citizenarenas.eu\/fr\/wp-json\/wp\/v2\/types\/page"}],"author":[{"embeddable":true,"href":"http:\/\/citizenarenas.eu\/fr\/wp-json\/wp\/v2\/users\/2"}],"replies":[{"embeddable":true,"href":"http:\/\/citizenarenas.eu\/fr\/wp-json\/wp\/v2\/comments?post=16"}],"version-history":[{"count":4,"href":"http:\/\/citizenarenas.eu\/fr\/wp-json\/wp\/v2\/pages\/16\/revisions"}],"predecessor-version":[{"id":4170,"href":"http:\/\/citizenarenas.eu\/fr\/wp-json\/wp\/v2\/pages\/16\/revisions\/4170"}],"wp:attachment":[{"href":"http:\/\/citizenarenas.eu\/fr\/wp-json\/wp\/v2\/media?parent=16"}],"curies":[{"name":"wp","href":"https:\/\/api.w.org\/{rel}","templated":true}]}}